{"id":167,"date":"2025-02-01T22:42:15","date_gmt":"2025-02-01T22:42:15","guid":{"rendered":"https:\/\/varhany.jindrichovice.cz\/?page_id=167"},"modified":"2026-04-27T19:12:40","modified_gmt":"2026-04-27T19:12:40","slug":"darci","status":"publish","type":"page","link":"https:\/\/varhany.jindrichovice.cz\/?page_id=167","title":{"rendered":"D\u00e1rci"},"content":{"rendered":"\r\n<h2><strong>S<\/strong><strong>rde\u010dn\u011b V\u00e1m v\u0161em d\u011bkujeme<\/strong>!<\/h2>\r\n\r\n\r\n\r\n<p>A\u0165 u\u017e je Va\u0161e jm\u00e9no uvedeno v \u0159\u00e1dc\u00edch n\u00ed\u017ee, nebo V\u00e1\u0161 dobr\u00fd skutek s adopc\u00ed p\u00ed\u0161\u0165aly z\u016fstal sv\u011btu utajen, bude mo\u017en\u00e9 si d\u00edky V\u00e1m poslechnout v\u0161echny t\u00f3ny historick\u00e9ho hudebn\u00edho n\u00e1stroje.<\/p>\r\n<p>V\u0161em, kte\u0159\u00ed adoptovali \u010di adoptuj\u00ed p\u00ed\u0161\u0165alu srde\u010dn\u011b d\u011bkujeme. \u010casem bude vytvo\u0159ena a\u00a0um\u00edst\u011bna v kostele \u010di p\u0159ed kostelem <strong>slavnostn\u00ed deska se\u00a0jm\u00e9ny d\u00e1rc\u016f jako pam\u00e1tka pro\u00a0budouc\u00ed generace<\/strong>.<\/p>\r\n\r\n\r\n\r\n<h2>Na opravu varhan adopc\u00ed p\u00ed\u0161\u0165aly dosud p\u0159isp\u011bli laskav\u00ed d\u00e1rci:<\/h2>\r\n<p>(po\u0159ad\u00ed je uvedeno v opa\u010dn\u00e9m sledu adopc\u00ed, tj. nejnov\u011bj\u0161\u00ed adopci naleznete hned na za\u010d\u00e1tku s \u010d\u00edslem 1.)<\/p>\r\n<p><strong>Co \u0159\u00e1dek, to p\u00ed\u0161\u0165ala!<\/strong><\/p>\r\n<ol>\r\n<li>Folprechtovi &#8211; Hr\u00e1dek nad Nisou<\/li>\r\n<li>Petr \u0160tefko<\/li>\r\n<li>Richard Pol\u00e1k<\/li>\r\n<li>Jaroslav Milan Jane\u010dek<\/li>\r\n<li>Renata Anton\u016f<\/li>\r\n<li>Jonas Ahler<\/li>\r\n<li>Lasse Wagner<\/li>\r\n<li>Bab\u00ed Kv\u011btoslava Hof\u00edrkov\u00e1<\/li>\r\n<li>Babu Eva Kola\u0159\u00edkov\u00e1<\/li>\r\n<li>Zde\u0148ka a Radek Bene\u0161ovi<\/li>\r\n<li>skryt\u00fd d\u00e1rce<\/li>\r\n<li>Ivana Foktov\u00e1<\/li>\r\n<li>\u0160\u00e1rka a Jozef Forg\u00e1\u010dovi<\/li>\r\n<li>Sm\u00ed\u0161en\u00fd p\u011bveck\u00fd sbor Bo\u0159ivoj z Lomnice nad Popelkou<\/li>\r\n<li>Sm\u00ed\u0161en\u00fd p\u011bveck\u00fd sbor Bo\u0159ivoj z Lomnice nad Popelkou<\/li>\r\n<li>Petr Skyva<\/li>\r\n<li>Milan Pavl\u016f<\/li>\r\n<li>Pavl\u00edna Cvr\u010dkov\u00e1<\/li>\r\n<li>Jan Mikuli\u010dka<\/li>\r\n<li>David Fajfer<\/li>\r\n<li>Petr \u0160tefko<\/li>\r\n<li>Petr \u0160tefko<\/li>\r\n<li>David Hof\u00edrek<\/li>\r\n<li>Ludmila Kosteln\u00edkov\u00e1<\/li>\r\n<li>Luk\u00e1\u0161 Duda a Lucie Nov\u00e1kov\u00e1<\/li>\r\n<li>Luk\u00e1\u0161 Duda a Lucie Nov\u00e1kov\u00e1<\/li>\r\n<li>David Tom\u00e1\u0161ek<\/li>\r\n<li>Andrea Dedeciusov\u00e1<\/li>\r\n<li>Babeta Tom\u00e1\u0161kov\u00e1<\/li>\r\n<li>Adam Tom\u00e1\u0161ek<\/li>\r\n<li>Dami\u00e1n Dedecius<\/li>\r\n<li>Eli\u0161ka Cimplov\u00e1<\/li>\r\n<li>Jaroslava Cimplov\u00e1<\/li>\r\n<li>rodina K\u00e1rova (Ivana)<\/li>\r\n<li>Zdena Knappov\u00e1<\/li>\r\n<li>Alice Werznerov\u00e1<\/li>\r\n<li>Kosejkovi<\/li>\r\n<li>K\u00e1rovi<\/li>\r\n<li>K\u00e1rovi<\/li>\r\n<li>K\u00e1rovi<\/li>\r\n<li>K\u00e1rovi<\/li>\r\n<li>Ko\u0159en\u00fdch<\/li>\r\n<li>Eva Kosejkov\u00e1 Fo\u0159tov\u00e1<\/li>\r\n<li>Michaela Arens<\/li>\r\n<li>Marek Fran\u011bk<\/li>\r\n<li>Ji\u0159ina a Libor Dvo\u0159\u00e1\u010dkovi<\/li>\r\n<li>Erna Scholz<\/li>\r\n<li>G\u00fcnter Scholz<\/li>\r\n<li>Kate\u0159ina Izs\u00f3fov\u00e1<\/li>\r\n<li>Anna Marie Antonius<\/li>\r\n<li>rodina Glogarova<\/li>\r\n<li>Paula M\u00fchler<\/li>\r\n<li>Kr\u00e1lovsk\u00e1 rodina<\/li>\r\n<li>Iveta Str\u00e1nsk\u00e1<\/li>\r\n<li>Radek Str\u00e1nsk\u00fd<\/li>\r\n<li>Ane\u017eka Marie Jane\u010dkov\u00e1<\/li>\r\n<li>skryt\u00fd d\u00e1rce<\/li>\r\n<li>Irma Knopov\u00e1<\/li>\r\n<li>L\u00edda Prchalov\u00e1<\/li>\r\n<li>Eva Mauerov\u00e1<\/li>\r\n<li>Jenna J\u00e4ger<\/li>\r\n<li>Tino Amando J\u00e4ger<\/li>\r\n<li>Ventuno J\u00e4ger<\/li>\r\n<li>Petra J\u00e4ger<\/li>\r\n<li>Maxik Travnik<\/li>\r\n<li>Zdenka Travnik J\u00e4ger<\/li>\r\n<li>Ant. Travnik<\/li>\r\n<li>skryt\u00fd d\u00e1rce<\/li>\r\n<li>St\u00e1\u0148a H\u00e1jkov\u00e1<\/li>\r\n<li>Vlastina Bernatov\u00e1<\/li>\r\n<li>Pavel Hmiro<\/li>\r\n<li>Z\u0160 a M\u0160 Jind\u0159ichovice pod Smrkem &#8211; rodi\u010de d\u011bt\u00ed, u\u010ditelky a zam\u011bstnanci \u0161koly<\/li>\r\n<li>Z\u0160 a M\u0160 Jind\u0159ichovice pod Smrkem &#8211; rodi\u010de d\u011bt\u00ed, u\u010ditelky a zam\u011bstnanci \u0161koly<\/li>\r\n<li>Z\u0160 a M\u0160 Jind\u0159ichovice pod Smrkem &#8211; rodi\u010de d\u011bt\u00ed, u\u010ditelky a zam\u011bstnanci \u0161koly<\/li>\r\n<li>Jana a Ladislav Strnadovi<\/li>\r\n<li>Jana a Ladislav Strnadovi<\/li>\r\n<li>Mark\u00e9ta Pokorov\u00e1<\/li>\r\n<li>Terezka Chr\u00e1stov\u00e1<\/li>\r\n<li>Marek Novotn\u00fd<\/li>\r\n<li>M\u00ed\u0161a a Du\u0161an Novotn\u00ed<\/li>\r\n<li>Gary Sturt<\/li>\r\n<li>Kaskovi<\/li>\r\n<li>Michal Rudolf Jane\u010dek<\/li>\r\n<li>Pavel Vin\u0161<\/li>\r\n<li>Pavel Vin\u0161<\/li>\r\n<li>V\u011bra Olivov\u00e1<\/li>\r\n<li>V\u00e1clav Sk\u0159iv\u00e1nek<\/li>\r\n<li>skryt\u00fd d\u00e1rce<\/li>\r\n<li>Jitka \u010cervenkov\u00e1<\/li>\r\n<li>rodina Hojdarova<\/li>\r\n<li>Marie Neve\u010de\u0159alov\u00e1<\/li>\r\n<li>Lenka Isz\u00f3fov\u00e1<\/li>\r\n<li>Al\u017eb\u011bta Sv\u011br\u010dinov\u00e1<\/li>\r\n<li>Josef\u00edna Sv\u011br\u010dinov\u00e1<\/li>\r\n<li>Viktorie Sv\u011br\u010dinov\u00e1<\/li>\r\n<li>Radka Sl\u00ed\u017eov\u00e1<\/li>\r\n<li>Sl\u00ed\u017eovi<\/li>\r\n<li>L\u00edda Prchalov\u00e1<\/li>\r\n<li>Julie V\u00edtov\u00e1<\/li>\r\n<li>Anton\u00edn V\u00edt<\/li>\r\n<li>Ond\u0159ej Hofman<\/li>\r\n<li>Honza \u0160peci\u00e1n<\/li>\r\n<li>V\u00ed\u0165a \u0160peci\u00e1n\u00a0<\/li>\r\n<li>Barunka \u0160peci\u00e1nov\u00e1<\/li>\r\n<li>Zuzanka \u0160peci\u00e1nov\u00e1\u00a0<\/li>\r\n<li>Petra Hofmanov\u00e1\u00a0<\/li>\r\n<li>Ji\u0159\u00ed Hofman\u00a0<\/li>\r\n<li>skryt\u00fd d\u00e1rce<\/li>\r\n<li>skryt\u00fd d\u00e1rce\u00a0<\/li>\r\n<li style=\"text-align: left;\">Zemani Smrk<\/li>\r\n<li>skryt\u00fd d\u00e1rce<\/li>\r\n<li>skryt\u00fd d\u00e1rce<\/li>\r\n<li>Magdalena Chytilov\u00e1<\/li>\r\n<li>Veronika Cardova<\/li>\r\n<li>Jaroslav Michal Jane\u010dek<\/li>\r\n<li>Barbora Cardova<\/li>\r\n<li>Pavel Pet\u0159ek<\/li>\r\n<li>Iveta Pet\u0159ekov\u00e1<\/li>\r\n<li>Jan Forman<\/li>\r\n<li>Olga Sl\u00e1mov\u00e1<\/li>\r\n<li>Josef Sl\u00e1ma<\/li>\r\n<li>Mark\u00e9ta Z\u00e1vodsk\u00e1<\/li>\r\n<li>Hana Sau\u010dukov\u00e1<\/li>\r\n<li>Alena R\u00e1s\u00f3<\/li>\r\n<li>Kamila Kola\u0159\u00edkov\u00e1<\/li>\r\n<li>Jana Michaela Jane\u010dkov\u00e1<\/li>\r\n<li>skryt\u00fd d\u00e1rce<\/li>\r\n<li>skryt\u00fd d\u00e1rce<\/li>\r\n<li>Adriana \u017d\u00e1kov\u00e1<\/li>\r\n<li>skryt\u00fd d\u00e1rce<\/li>\r\n<li>Ko\u0161\u0165\u00e1lovi<\/li>\r\n<li>G\u00fcnter Krause<\/li>\r\n<li>Petr a Jaru\u0161ka Krauseovi<\/li>\r\n<li>Kaskovi<\/li>\r\n<li>Marie Neve\u010de\u0159alov\u00e1<\/li>\r\n<li>Gabriela Du\u0161kov\u00e1<\/li>\r\n<li>Eduard Du\u0161ek<\/li>\r\n<li>Teodor Du\u0161ek<\/li>\r\n<li>Martin Du\u0161ek<\/li>\r\n<li>Habrovi<\/li>\r\n<li>skryt\u00fd d\u00e1rce<\/li>\r\n<li>skryt\u00fd d\u00e1rce<\/li>\r\n<li>Hynek \u0158eho\u0159<\/li>\r\n<li>Milan \u0158eho\u0159<\/li>\r\n<\/ol>\r\n<h2>Na opravu varhan bez adopce p\u0159isp\u011bli na transparentn\u00ed \u00fa\u010det:<\/h2>\r\n<ol>\r\n<li>Marie Neve\u010de\u0159alov\u00e1<\/li>\r\n<li>H. a M. Bl\u00e1hovi<\/li>\r\n<li>Lenka Izsofov\u00e1<\/li>\r\n<li>Mgr. Mauermann Zden\u011bk<\/li>\r\n<li>laskav\u00ed nakupuj\u00edc\u00ed dobro\u010dinn\u00fdch p\u00ed\u0161\u0165alek (celkem za 4195 K\u010d)<\/li>\r\n<li>Petr Bla\u017eek<\/li>\r\n<li>anonymn\u00ed d\u00e1rce<\/li>\r\n<li>Pavl\u00edna Bursov\u00e1<\/li>\r\n<\/ol>\r\n<p>&nbsp;<\/p>\r\n<p><img fetchpriority=\"high\" decoding=\"async\" class=\"alignnone wp-image-1136 \" src=\"https:\/\/varhany.jindrichovice.cz\/wp-content\/uploads\/2026\/04\/2026.4.27-300x187.png\" alt=\"\" width=\"993\" height=\"619\" srcset=\"https:\/\/varhany.jindrichovice.cz\/wp-content\/uploads\/2026\/04\/2026.4.27-300x187.png 300w, https:\/\/varhany.jindrichovice.cz\/wp-content\/uploads\/2026\/04\/2026.4.27-1024x639.png 1024w, https:\/\/varhany.jindrichovice.cz\/wp-content\/uploads\/2026\/04\/2026.4.27-150x94.png 150w, https:\/\/varhany.jindrichovice.cz\/wp-content\/uploads\/2026\/04\/2026.4.27-768x479.png 768w, https:\/\/varhany.jindrichovice.cz\/wp-content\/uploads\/2026\/04\/2026.4.27-1536x958.png 1536w, https:\/\/varhany.jindrichovice.cz\/wp-content\/uploads\/2026\/04\/2026.4.27-2048x1277.png 2048w\" sizes=\"(max-width: 993px) 100vw, 993px\" \/><\/p>\r\n<p><a href=\"https:\/\/varhany.jindrichovice.cz\/wp-content\/uploads\/2025\/05\/DSC_0164-scaled.jpg\"><img decoding=\"async\" class=\"aligncenter size-full wp-image-421\" src=\"https:\/\/varhany.jindrichovice.cz\/wp-content\/uploads\/2025\/05\/DSC_0164-scaled.jpg\" alt=\"\" width=\"2560\" height=\"1324\" \/><\/a><\/p>\r\n\r\n\r\n","protected":false},"excerpt":{"rendered":"<p>Srde\u010dn\u011b V\u00e1m v\u0161em d\u011bkujeme! A\u0165 u\u017e je Va\u0161e jm\u00e9no uvedeno v \u0159\u00e1dc\u00edch n\u00ed\u017ee, nebo V\u00e1\u0161 dobr\u00fd skutek s adopc\u00ed p\u00ed\u0161\u0165aly z\u016fstal sv\u011btu utajen, bude mo\u017en\u00e9 si d\u00edky V\u00e1m poslechnout v\u0161echny t\u00f3ny historick\u00e9ho hudebn\u00edho n\u00e1stroje. V\u0161em, kte\u0159\u00ed adoptovali \u010di adoptuj\u00ed p\u00ed\u0161\u0165alu srde\u010dn\u011b d\u011bkujeme. \u010casem bude vytvo\u0159ena a\u00a0um\u00edst\u011bna v kostele \u010di p\u0159ed kostelem slavnostn\u00ed deska se\u00a0jm\u00e9ny d\u00e1rc\u016f [&hellip;]<\/p>\n","protected":false},"author":2,"featured_media":0,"parent":0,"menu_order":0,"comment_status":"closed","ping_status":"closed","template":"","meta":{"footnotes":""},"class_list":["post-167","page","type-page","status-publish","hentry"],"yoast_head":"<!-- This site is optimized with the Yoast SEO plugin v27.5 - https:\/\/yoast.com\/product\/yoast-seo-wordpress\/ -->\n<title>D\u00e1rci - Varhany pro Jind\u0159ichovice<\/title>\n<meta name=\"robots\" content=\"index, follow, max-snippet:-1, max-image-preview:large, max-video-preview:-1\" \/>\n<link rel=\"canonical\" href=\"https:\/\/varhany.jindrichovice.cz\/?page_id=167\" \/>\n<meta property=\"og:locale\" content=\"cs_CZ\" \/>\n<meta property=\"og:type\" content=\"article\" \/>\n<meta property=\"og:title\" content=\"D\u00e1rci - Varhany pro Jind\u0159ichovice\" \/>\n<meta property=\"og:description\" content=\"Srde\u010dn\u011b V\u00e1m v\u0161em d\u011bkujeme! A\u0165 u\u017e je Va\u0161e jm\u00e9no uvedeno v \u0159\u00e1dc\u00edch n\u00ed\u017ee, nebo V\u00e1\u0161 dobr\u00fd skutek s adopc\u00ed p\u00ed\u0161\u0165aly z\u016fstal sv\u011btu utajen, bude mo\u017en\u00e9 si d\u00edky V\u00e1m poslechnout v\u0161echny t\u00f3ny historick\u00e9ho hudebn\u00edho n\u00e1stroje. V\u0161em, kte\u0159\u00ed adoptovali \u010di adoptuj\u00ed p\u00ed\u0161\u0165alu srde\u010dn\u011b d\u011bkujeme. \u010casem bude vytvo\u0159ena a\u00a0um\u00edst\u011bna v kostele \u010di p\u0159ed kostelem slavnostn\u00ed deska se\u00a0jm\u00e9ny d\u00e1rc\u016f [&hellip;]\" \/>\n<meta property=\"og:url\" content=\"https:\/\/varhany.jindrichovice.cz\/?page_id=167\" \/>\n<meta property=\"og:site_name\" content=\"Varhany pro Jind\u0159ichovice\" \/>\n<meta property=\"article:publisher\" content=\"https:\/\/www.facebook.com\/profile.php?id=61576751080235\" \/>\n<meta property=\"article:modified_time\" content=\"2026-04-27T19:12:40+00:00\" \/>\n<meta property=\"og:image\" content=\"https:\/\/varhany.jindrichovice.cz\/wp-content\/uploads\/2026\/04\/2026.4.27-scaled.png\" \/>\n\t<meta property=\"og:image:width\" content=\"2560\" \/>\n\t<meta property=\"og:image:height\" content=\"1597\" \/>\n\t<meta property=\"og:image:type\" content=\"image\/png\" \/>\n<meta name=\"twitter:card\" content=\"summary_large_image\" \/>\n<meta name=\"twitter:label1\" content=\"Odhadovan\u00e1 doba \u010dten\u00ed\" \/>\n\t<meta name=\"twitter:data1\" content=\"4 minuty\" \/>\n<script type=\"application\/ld+json\" class=\"yoast-schema-graph\">{\"@context\":\"https:\\\/\\\/schema.org\",\"@graph\":[{\"@type\":\"WebPage\",\"@id\":\"https:\\\/\\\/varhany.jindrichovice.cz\\\/?page_id=167\",\"url\":\"https:\\\/\\\/varhany.jindrichovice.cz\\\/?page_id=167\",\"name\":\"D\u00e1rci - Varhany pro Jind\u0159ichovice\",\"isPartOf\":{\"@id\":\"https:\\\/\\\/varhany.jindrichovice.cz\\\/#website\"},\"primaryImageOfPage\":{\"@id\":\"https:\\\/\\\/varhany.jindrichovice.cz\\\/?page_id=167#primaryimage\"},\"image\":{\"@id\":\"https:\\\/\\\/varhany.jindrichovice.cz\\\/?page_id=167#primaryimage\"},\"thumbnailUrl\":\"https:\\\/\\\/varhany.jindrichovice.cz\\\/wp-content\\\/uploads\\\/2026\\\/04\\\/2026.4.27-300x187.png\",\"datePublished\":\"2025-02-01T22:42:15+00:00\",\"dateModified\":\"2026-04-27T19:12:40+00:00\",\"breadcrumb\":{\"@id\":\"https:\\\/\\\/varhany.jindrichovice.cz\\\/?page_id=167#breadcrumb\"},\"inLanguage\":\"cs\",\"potentialAction\":[{\"@type\":\"ReadAction\",\"target\":[\"https:\\\/\\\/varhany.jindrichovice.cz\\\/?page_id=167\"]}]},{\"@type\":\"ImageObject\",\"inLanguage\":\"cs\",\"@id\":\"https:\\\/\\\/varhany.jindrichovice.cz\\\/?page_id=167#primaryimage\",\"url\":\"https:\\\/\\\/varhany.jindrichovice.cz\\\/wp-content\\\/uploads\\\/2026\\\/04\\\/2026.4.27-scaled.png\",\"contentUrl\":\"https:\\\/\\\/varhany.jindrichovice.cz\\\/wp-content\\\/uploads\\\/2026\\\/04\\\/2026.4.27-scaled.png\",\"width\":2560,\"height\":1597},{\"@type\":\"BreadcrumbList\",\"@id\":\"https:\\\/\\\/varhany.jindrichovice.cz\\\/?page_id=167#breadcrumb\",\"itemListElement\":[{\"@type\":\"ListItem\",\"position\":1,\"name\":\"Dom\u016f\",\"item\":\"https:\\\/\\\/varhany.jindrichovice.cz\\\/\"},{\"@type\":\"ListItem\",\"position\":2,\"name\":\"D\u00e1rci\"}]},{\"@type\":\"WebSite\",\"@id\":\"https:\\\/\\\/varhany.jindrichovice.cz\\\/#website\",\"url\":\"https:\\\/\\\/varhany.jindrichovice.cz\\\/\",\"name\":\"Varhany pro Jind\u0159ichovice\",\"description\":\"adopce varhan\",\"publisher\":{\"@id\":\"https:\\\/\\\/varhany.jindrichovice.cz\\\/#organization\"},\"alternateName\":\"adopce varhan\",\"potentialAction\":[{\"@type\":\"SearchAction\",\"target\":{\"@type\":\"EntryPoint\",\"urlTemplate\":\"https:\\\/\\\/varhany.jindrichovice.cz\\\/?s={search_term_string}\"},\"query-input\":{\"@type\":\"PropertyValueSpecification\",\"valueRequired\":true,\"valueName\":\"search_term_string\"}}],\"inLanguage\":\"cs\"},{\"@type\":\"Organization\",\"@id\":\"https:\\\/\\\/varhany.jindrichovice.cz\\\/#organization\",\"name\":\"Varhany pro Jind\u0159ichovice\",\"url\":\"https:\\\/\\\/varhany.jindrichovice.cz\\\/\",\"logo\":{\"@type\":\"ImageObject\",\"inLanguage\":\"cs\",\"@id\":\"https:\\\/\\\/varhany.jindrichovice.cz\\\/#\\\/schema\\\/logo\\\/image\\\/\",\"url\":\"https:\\\/\\\/varhany.jindrichovice.cz\\\/wp-content\\\/uploads\\\/2025\\\/05\\\/cropped-logo-adopceram.png\",\"contentUrl\":\"https:\\\/\\\/varhany.jindrichovice.cz\\\/wp-content\\\/uploads\\\/2025\\\/05\\\/cropped-logo-adopceram.png\",\"width\":512,\"height\":512,\"caption\":\"Varhany pro Jind\u0159ichovice\"},\"image\":{\"@id\":\"https:\\\/\\\/varhany.jindrichovice.cz\\\/#\\\/schema\\\/logo\\\/image\\\/\"},\"sameAs\":[\"https:\\\/\\\/www.facebook.com\\\/profile.php?id=61576751080235\"]}]}<\/script>\n<!-- \/ Yoast SEO plugin. -->","yoast_head_json":{"title":"D\u00e1rci - Varhany pro Jind\u0159ichovice","robots":{"index":"index","follow":"follow","max-snippet":"max-snippet:-1","max-image-preview":"max-image-preview:large","max-video-preview":"max-video-preview:-1"},"canonical":"https:\/\/varhany.jindrichovice.cz\/?page_id=167","og_locale":"cs_CZ","og_type":"article","og_title":"D\u00e1rci - Varhany pro Jind\u0159ichovice","og_description":"Srde\u010dn\u011b V\u00e1m v\u0161em d\u011bkujeme! A\u0165 u\u017e je Va\u0161e jm\u00e9no uvedeno v \u0159\u00e1dc\u00edch n\u00ed\u017ee, nebo V\u00e1\u0161 dobr\u00fd skutek s adopc\u00ed p\u00ed\u0161\u0165aly z\u016fstal sv\u011btu utajen, bude mo\u017en\u00e9 si d\u00edky V\u00e1m poslechnout v\u0161echny t\u00f3ny historick\u00e9ho hudebn\u00edho n\u00e1stroje. V\u0161em, kte\u0159\u00ed adoptovali \u010di adoptuj\u00ed p\u00ed\u0161\u0165alu srde\u010dn\u011b d\u011bkujeme. \u010casem bude vytvo\u0159ena a\u00a0um\u00edst\u011bna v kostele \u010di p\u0159ed kostelem slavnostn\u00ed deska se\u00a0jm\u00e9ny d\u00e1rc\u016f [&hellip;]","og_url":"https:\/\/varhany.jindrichovice.cz\/?page_id=167","og_site_name":"Varhany pro Jind\u0159ichovice","article_publisher":"https:\/\/www.facebook.com\/profile.php?id=61576751080235","article_modified_time":"2026-04-27T19:12:40+00:00","og_image":[{"width":2560,"height":1597,"url":"https:\/\/varhany.jindrichovice.cz\/wp-content\/uploads\/2026\/04\/2026.4.27-scaled.png","type":"image\/png"}],"twitter_card":"summary_large_image","twitter_misc":{"Odhadovan\u00e1 doba \u010dten\u00ed":"4 minuty"},"schema":{"@context":"https:\/\/schema.org","@graph":[{"@type":"WebPage","@id":"https:\/\/varhany.jindrichovice.cz\/?page_id=167","url":"https:\/\/varhany.jindrichovice.cz\/?page_id=167","name":"D\u00e1rci - Varhany pro Jind\u0159ichovice","isPartOf":{"@id":"https:\/\/varhany.jindrichovice.cz\/#website"},"primaryImageOfPage":{"@id":"https:\/\/varhany.jindrichovice.cz\/?page_id=167#primaryimage"},"image":{"@id":"https:\/\/varhany.jindrichovice.cz\/?page_id=167#primaryimage"},"thumbnailUrl":"https:\/\/varhany.jindrichovice.cz\/wp-content\/uploads\/2026\/04\/2026.4.27-300x187.png","datePublished":"2025-02-01T22:42:15+00:00","dateModified":"2026-04-27T19:12:40+00:00","breadcrumb":{"@id":"https:\/\/varhany.jindrichovice.cz\/?page_id=167#breadcrumb"},"inLanguage":"cs","potentialAction":[{"@type":"ReadAction","target":["https:\/\/varhany.jindrichovice.cz\/?page_id=167"]}]},{"@type":"ImageObject","inLanguage":"cs","@id":"https:\/\/varhany.jindrichovice.cz\/?page_id=167#primaryimage","url":"https:\/\/varhany.jindrichovice.cz\/wp-content\/uploads\/2026\/04\/2026.4.27-scaled.png","contentUrl":"https:\/\/varhany.jindrichovice.cz\/wp-content\/uploads\/2026\/04\/2026.4.27-scaled.png","width":2560,"height":1597},{"@type":"BreadcrumbList","@id":"https:\/\/varhany.jindrichovice.cz\/?page_id=167#breadcrumb","itemListElement":[{"@type":"ListItem","position":1,"name":"Dom\u016f","item":"https:\/\/varhany.jindrichovice.cz\/"},{"@type":"ListItem","position":2,"name":"D\u00e1rci"}]},{"@type":"WebSite","@id":"https:\/\/varhany.jindrichovice.cz\/#website","url":"https:\/\/varhany.jindrichovice.cz\/","name":"Varhany pro Jind\u0159ichovice","description":"adopce varhan","publisher":{"@id":"https:\/\/varhany.jindrichovice.cz\/#organization"},"alternateName":"adopce varhan","potentialAction":[{"@type":"SearchAction","target":{"@type":"EntryPoint","urlTemplate":"https:\/\/varhany.jindrichovice.cz\/?s={search_term_string}"},"query-input":{"@type":"PropertyValueSpecification","valueRequired":true,"valueName":"search_term_string"}}],"inLanguage":"cs"},{"@type":"Organization","@id":"https:\/\/varhany.jindrichovice.cz\/#organization","name":"Varhany pro Jind\u0159ichovice","url":"https:\/\/varhany.jindrichovice.cz\/","logo":{"@type":"ImageObject","inLanguage":"cs","@id":"https:\/\/varhany.jindrichovice.cz\/#\/schema\/logo\/image\/","url":"https:\/\/varhany.jindrichovice.cz\/wp-content\/uploads\/2025\/05\/cropped-logo-adopceram.png","contentUrl":"https:\/\/varhany.jindrichovice.cz\/wp-content\/uploads\/2025\/05\/cropped-logo-adopceram.png","width":512,"height":512,"caption":"Varhany pro Jind\u0159ichovice"},"image":{"@id":"https:\/\/varhany.jindrichovice.cz\/#\/schema\/logo\/image\/"},"sameAs":["https:\/\/www.facebook.com\/profile.php?id=61576751080235"]}]}},"_links":{"self":[{"href":"https:\/\/varhany.jindrichovice.cz\/index.php?rest_route=\/wp\/v2\/pages\/167","targetHints":{"allow":["GET"]}}],"collection":[{"href":"https:\/\/varhany.jindrichovice.cz\/index.php?rest_route=\/wp\/v2\/pages"}],"about":[{"href":"https:\/\/varhany.jindrichovice.cz\/index.php?rest_route=\/wp\/v2\/types\/page"}],"author":[{"embeddable":true,"href":"https:\/\/varhany.jindrichovice.cz\/index.php?rest_route=\/wp\/v2\/users\/2"}],"replies":[{"embeddable":true,"href":"https:\/\/varhany.jindrichovice.cz\/index.php?rest_route=%2Fwp%2Fv2%2Fcomments&post=167"}],"version-history":[{"count":160,"href":"https:\/\/varhany.jindrichovice.cz\/index.php?rest_route=\/wp\/v2\/pages\/167\/revisions"}],"predecessor-version":[{"id":684,"href":"https:\/\/varhany.jindrichovice.cz\/index.php?rest_route=\/wp\/v2\/pages\/167\/revisions\/684"}],"wp:attachment":[{"href":"https:\/\/varhany.jindrichovice.cz\/index.php?rest_route=%2Fwp%2Fv2%2Fmedia&parent=167"}],"curies":[{"name":"wp","href":"https:\/\/api.w.org\/{rel}","templated":true}]}}