{"id":125,"date":"2025-01-31T21:59:27","date_gmt":"2025-01-31T21:59:27","guid":{"rendered":"https:\/\/varhany.jindrichovice.cz\/?page_id=125"},"modified":"2026-04-17T05:30:46","modified_gmt":"2026-04-17T05:30:46","slug":"aktuality__trashed","status":"publish","type":"page","link":"https:\/\/varhany.jindrichovice.cz\/?page_id=125","title":{"rendered":"Aktuality"},"content":{"rendered":"<h2><strong>Tady v\u00e1m nic neunikne<\/strong><\/h2>\n<p style=\"text-align: left;\">Zde se dozv\u00edte, co se v nejbli\u017e\u0161\u00ed dob\u011b v kostele Nejsv\u011bt\u011bj\u0161\u00ed Trojice chyst\u00e1, co se aktu\u00e1ln\u011b d\u011bje s varhanami, v jak\u00e9 f\u00e1zi je restaurov\u00e1n\u00ed, jak se da\u0159\u00ed adopce varhann\u00edch p\u00ed\u0161\u0165al&#8230;<\/p>\n<div dir=\"auto\"><strong><em>2. kv\u011btna 2026 &#8211; <\/em><\/strong>jedine\u010dn\u00e1 mo\u017enost nav\u0161t\u00edvit, prohl\u00e9dnout si a pozdravit na\u0161e jind\u0159ichovick\u00e9 varhany b\u011bhem koncertu <strong>T\u00f3ny pro Jitku<\/strong> v pod\u00e1n\u00ed <strong>Tria de femmes,<\/strong> v na\u0161em kostele Nejsv\u011bt\u011bj\u0161\u00ed Trojice. <strong>Jitka \u010cervinkov\u00e1 byla jedn\u00edm z hlavn\u00edch inici\u00e1tor\u016f adopce varhan v jind\u0159ichovick\u00e9m kostele. <\/strong>V lednu 2025 jsme se s n\u00ed v\u0161ak museli nadobro rozlou\u010dit. Te\u010f na n\u00e1s dohl\u00ed\u017e\u00ed sh\u016fry a v\u011b\u0159\u00edme, \u017ee m\u00e1 radost, jak cel\u00fd adop\u010dn\u00ed proces pokra\u010duje. Ke dne\u0161n\u00edmu dni z celkov\u00e9ho po\u010dtu 606 p\u00ed\u0161\u0165al u\u017e m\u00e1 <strong>142<\/strong>\u00a0sv\u00e9ho majitele, co\u017e je <strong>23%<\/strong>. Na transparentn\u00edm \u00fa\u010dtu, ur\u010den\u00e9mu v\u00fdhradn\u011b adopci varhan, je \u010d\u00e1stka <strong>193.904 K\u010d<\/strong>.\u00a0<a href=\"https:\/\/www.jindrichovice.cz\/akce\/ar_003489_koncert-tony-pro-jitku-trio-de-femmes.php\">koncert T\u00f3ny pro Jitku -Trio de femmes<\/a><\/div>\n<div dir=\"auto\"><\/div>\n<div dir=\"auto\"><strong><em>22. dubna 2026 &#8211; <\/em><\/strong>od 17:00 budete m\u00edt mo\u017enost pod\u00edvat se k n\u00e1m do kostela, <strong>vychutnat si koncert na Zelen\u00fd \u010dtvrtek v pod\u00e1n\u00ed smy\u010dcov\u00e9ho dua YELLOW<\/strong> a omrknout varhany. A co adopce? Ke dne\u0161n\u00edmu dni z celkov\u00e9ho po\u010dtu 606 p\u00ed\u0161\u0165al u\u017e m\u00e1 <strong>136<\/strong>\u00a0sv\u00e9ho majitele, co\u017e je <strong>22%<\/strong>. Na transparentn\u00edm \u00fa\u010dtu, ur\u010den\u00e9mu v\u00fdhradn\u011b adopci varhan, je <strong>188.960 K\u010d<\/strong>.<\/div>\n<div dir=\"auto\"><\/div>\n<div dir=\"auto\"><strong><em>2. \u00fanora 2026 &#8211;<\/em><\/strong> Adopce plynule pokra\u010duje d\u00e1l a z celkov\u00e9ho po\u010dtu 606 p\u00ed\u0161\u0165al u\u017e m\u00e1 <strong>124<\/strong> sv\u00e9ho majitele, co\u017e je <strong>20%<\/strong>. Na transparentn\u00edm \u00fa\u010dtu, ur\u010den\u00e9mu v\u00fdhradn\u011b adopci varhan, je <strong>170.960 K\u010d<\/strong>.<\/div>\n<div dir=\"auto\"><\/div>\n<div dir=\"auto\"><strong><em>1. ledna 2026 &#8211;<\/em> <\/strong>Jsme nesm\u00edrn\u011b vd\u011b\u010dn\u00ed za va\u0161i \u0161t\u011bdrost, d\u016fv\u011bru a p\u0159\u00edze\u0148! Adopce varhan slavnostn\u011b odstartovala 23. 5. 2025 na Noc kostel\u016f a ke dne\u0161n\u00edmu dni je na \u00fa\u010dtu kr\u00e1sn\u00fdch 154.260K\u010d. U\u017e je v\u00e1s 109, co m\u00e1te svou p\u00ed\u0161\u0165alu a dal\u0161\u00edch 6, co jste na \u00fa\u010det p\u0159isp\u011bli bez adopce. Na\u0161e vesnice Jind\u0159ichovice pod Smrkem je zd\u00e1nliv\u011b mal\u00e1, ale va\u0161e srdce jsou velk\u00e1, kdy\u017e se do nich vejdou i varhany. D\u011bkujeme V\u00e1m! Moc si toho v\u00e1\u017e\u00edme &#8211; Kamila a Milan<\/div>\n<div dir=\"auto\"><a href=\"https:\/\/varhany.jindrichovice.cz\/wp-content\/uploads\/2026\/01\/diky-1.png\"><img fetchpriority=\"high\" decoding=\"async\" class=\"aligncenter wp-image-1029\" src=\"https:\/\/varhany.jindrichovice.cz\/wp-content\/uploads\/2026\/01\/diky-1-1024x724.png\" alt=\"\" width=\"626\" height=\"443\" srcset=\"https:\/\/varhany.jindrichovice.cz\/wp-content\/uploads\/2026\/01\/diky-1-1024x724.png 1024w, https:\/\/varhany.jindrichovice.cz\/wp-content\/uploads\/2026\/01\/diky-1-300x212.png 300w, https:\/\/varhany.jindrichovice.cz\/wp-content\/uploads\/2026\/01\/diky-1-150x106.png 150w, https:\/\/varhany.jindrichovice.cz\/wp-content\/uploads\/2026\/01\/diky-1-768x543.png 768w, https:\/\/varhany.jindrichovice.cz\/wp-content\/uploads\/2026\/01\/diky-1-1536x1086.png 1536w, https:\/\/varhany.jindrichovice.cz\/wp-content\/uploads\/2026\/01\/diky-1.png 2000w\" sizes=\"(max-width: 626px) 100vw, 626px\" \/><\/a><\/div>\n<div dir=\"auto\"><\/div>\n<div dir=\"auto\"><strong><em>11. prosince 2025 &#8211; <\/em><\/strong>D\u011bkujeme za n\u00e1kup p\u00ed\u0161\u0165alek v\u0161em d\u00e1m\u00e1m v u\u010ditelsk\u00e9m sboru Z\u0160 a M\u0160 Jind\u0159ichovice p. S. T\u00edmto jsou v\u0161echny p\u00ed\u0161\u0165alky prodan\u00e9 a na varhann\u00ed \u00fa\u010det vlo\u017eeno dal\u0161\u00edch 1250 K\u010d. Z charitativn\u00edho prodeje p\u00ed\u0161\u0165alek se tedy poda\u0159ilo celkem utr\u017eit 4195 K\u010d, kter\u00e9 p\u0159ibyly na \u00fa\u010det a n\u00e1m na prodej nezbyla opravdu u\u017e ani jedna! \u201e<em>Kdo si p\u00edsk\u00e1, tomu je HEJ!&#8220;, <\/em>tak a\u0165 se V\u00e1m da\u0159\u00ed.<\/div>\n<div dir=\"auto\"><\/div>\n<div dir=\"auto\"><strong><em>6. prosince 2025 &#8211; <\/em><\/strong>D\u011bkujeme za dal\u0161\u00ed n\u00e1kup p\u00ed\u0161\u0165alek v\u0161em nakupuj\u00edc\u00edm na koncertu Rybovy \u010cesk\u00e9 m\u0161e v\u00e1no\u010dn\u00ed. V\u00fdt\u011b\u017eek (p\u016flka z ceny p\u00ed\u0161\u0165alek) 1305 K\u010d byl vlo\u017een na varhann\u00ed \u00fa\u010det. Druh\u00e1 p\u016flka z ceny pokryla n\u00e1klady na n\u00e1kup p\u00ed\u0161\u0165alek.<\/div>\n<div dir=\"auto\"><\/div>\n<div dir=\"auto\"><strong><em>31. listopadu 2025 &#8211; <\/em><\/strong>D\u011bkujeme v\u0161em laskav\u00fdm nakupuj\u00edc\u00edm u dobro\u010dinn\u00e9ho st\u00e1nku s p\u00ed\u0161\u0165alkami na adventn\u00edm trhu v Jind\u0159ichovic\u00edch p. S. P\u016flka z ceny p\u00ed\u0161\u0165alek putovala na adopci varhan a na transparentn\u00edm \u00fa\u010dtu tak p\u0159ibylo mil\u00fdch 1640 K\u010d.<a href=\"https:\/\/varhany.jindrichovice.cz\/wp-content\/uploads\/2025\/12\/MF3_9544-scaled.jpg\"><img decoding=\"async\" class=\"wp-image-950 aligncenter\" src=\"https:\/\/varhany.jindrichovice.cz\/wp-content\/uploads\/2025\/12\/MF3_9544-683x1024.jpg\" alt=\"\" width=\"449\" height=\"673\" \/><\/a><\/div>\n<div dir=\"auto\"><\/div>\n<div dir=\"auto\"><strong><em>23. \u0159\u00edjna 2025<\/em><\/strong><em><em> &#8211; <\/em><\/em>D\u00edky \u0161kole se na \u00fa\u010dtu adopce varhan poda\u0159ilo p\u0159ehoupnout p\u0159es \u010d\u00e1stku 100.000,- K\u010d.<em><strong> \u201eS p\u00ed\u0161\u0165alkou od d\u011bt\u00ed, 100 tis\u00edc polet\u00ed!&#8220;<\/strong><\/em> Moc si takov\u00e9ho symbolick\u00e9ho kroku v\u00e1\u017e\u00edme! D\u00edky rodi\u010d\u016fm d\u011bt\u00ed, u\u010ditelk\u00e1m a zam\u011bstnanc\u016fm \u0161koly m\u00e1 m\u00edstn\u00ed Z\u0160 a M\u0160 Jind\u0159ichovice pod Smrkem t\u0159i adoptovan\u00e9 \u0161koln\u00ed p\u00ed\u0161\u0165alky, celkem v hodnot\u011b 4000 K\u010d. Ke dne\u0161n\u00edmu dni je na \u00fa\u010dtu \u010d\u00e1stka 106.100 K\u010d.<\/div>\n<div dir=\"auto\"><a href=\"https:\/\/varhany.jindrichovice.cz\/wp-content\/uploads\/2025\/10\/968f9a18-a119-4c53-b700-cfc4d5196c69.jpg\"><img decoding=\"async\" class=\"aligncenter wp-image-888\" src=\"https:\/\/varhany.jindrichovice.cz\/wp-content\/uploads\/2025\/10\/968f9a18-a119-4c53-b700-cfc4d5196c69-635x1024.jpg\" alt=\"\" width=\"452\" height=\"729\" \/><\/a><\/div>\n<div dir=\"auto\"><\/div>\n<div dir=\"auto\"><strong><em>5. \u0159\u00edjna 2025<\/em><\/strong><em> &#8211; <\/em>adopce p\u0159es\u00e1hla \u010d\u00e1stku 91.000 K\u010d a my V\u00e1m d\u011bkujeme a radujeme se. Vytvo\u0159ili jsme z graf\u016f adopce video, kde je p\u011bkn\u011b vid\u011bt, jak roste po\u010det adoptovan\u00fdch p\u00ed\u0161\u0165al.<\/div>\n<div dir=\"auto\">\n<div style=\"width: 1920px;\" class=\"wp-video\"><video class=\"wp-video-shortcode\" id=\"video-125-1\" width=\"1920\" height=\"1080\" preload=\"metadata\" controls=\"controls\"><source type=\"video\/mp4\" src=\"https:\/\/varhany.jindrichovice.cz\/wp-content\/uploads\/2025\/10\/Adopce-video.mp4?_=1\" \/><a href=\"https:\/\/varhany.jindrichovice.cz\/wp-content\/uploads\/2025\/10\/Adopce-video.mp4\">https:\/\/varhany.jindrichovice.cz\/wp-content\/uploads\/2025\/10\/Adopce-video.mp4<\/a><\/video><\/div>\n<\/div>\n<div dir=\"auto\"><\/div>\n<div dir=\"auto\"><strong><em>23. z\u00e1\u0159\u00ed 2025<\/em><\/strong> &#8211; musela Obec Jind\u0159ichovice pod Smrkem z\u0159\u00eddit nov\u00fd transparentn\u00ed \u00fa\u010det, kter\u00fd bude v\u00fdhradn\u011b na platby ADOPCE VARHAN. <strong>Nov\u00fd TRANSPARENTN\u00cd \u00da\u010cET ADOPCE VARHAN<\/strong>\u00a0naleznete\u00a0<a href=\"https:\/\/www.kb.cz\/cs\/transparentni-ucty\/131-3644540217\" data-type=\"link\" data-id=\"https:\/\/www.kb.cz\/cs\/transparentni-ucty\/131-3644540217\"><strong>TADY<\/strong><\/a>. <strong>\u00a0\u010c\u00edslo \u00fa\u010dtu je<\/strong>:<span style=\"color: #ff0000;\"><strong> 131-3644540217\/0100. <\/strong><\/span>Platby za adopci varhan, kter\u00e9 byly do t\u00e9 doby provedeny na transparentn\u00ed \u00fa\u010det Kostela Nejsv\u011bt\u011bj\u0161\u00ed Trojice, budou p\u0159evedeny v nejbli\u017e\u0161\u00ed dob\u011b na nov\u00fd \u00fa\u010det. Odkaz na p\u016fvodn\u00ed TRANSPARENTN\u00cd \u00da\u010cET\u00a0KOSTELA NEJSV\u011aT\u011aJ\u0160\u00cd TROJICE naleznete\u00a0<a href=\"https:\/\/www.csas.cz\/cs\/transparentni-ucty#\/000035-0985040399\"><strong>ZDE<\/strong><\/a><\/div>\n<div dir=\"auto\"><\/div>\n<div dir=\"auto\"><strong><em>4. z\u00e1\u0159\u00ed 2025<\/em><\/strong> &#8211; M\u011bli jsme vz\u00e1cnou n\u00e1v\u0161t\u011bvu! Do kostela se p\u0159i\u0161el pod\u00edvat a sezn\u00e1mit se s na\u0161\u00edm projektem ADOPCE VARHAN hejtman Libereck\u00e9ho kraje Martin P\u016fta, v r\u00e1mci sv\u00e9 cesty po Fr\u00fddlantsku, b\u011bhem tzv. Hejtmansk\u00fdch dn\u016f. Douf\u00e1me, \u017ee nad na\u0161\u00edm kostelem bude Libereck\u00fd kraj, v \u010dele s Martinem P\u016ftou, i nad\u00e1le dr\u017eet svou ochranou ruku.\u00a0<a href=\"https:\/\/www.facebook.com\/share\/v\/165LoHfvQC\/\">VIDEO &#8211; Hejtmansk\u00e9 dny Fr\u00fddlantsku 4. 9. 2025<\/a><\/div>\n<div dir=\"auto\"><a href=\"https:\/\/varhany.jindrichovice.cz\/wp-content\/uploads\/2025\/09\/Martin-Puta-v-kostele.png\"><img loading=\"lazy\" decoding=\"async\" class=\"wp-image-810 aligncenter\" src=\"https:\/\/varhany.jindrichovice.cz\/wp-content\/uploads\/2025\/09\/Martin-Puta-v-kostele.png\" alt=\"\" width=\"464\" height=\"815\" \/><\/a><\/div>\n<div dir=\"auto\"><\/div>\n<div dir=\"auto\"><strong><em>9.\u00a0 srpna 2025<\/em><\/strong> &#8211; V r\u00e1mci obecn\u00edch slavnost\u00ed Jind\u0159ichovick\u00e9 dny bylo mo\u017en\u00e9 se pod\u00edvat do na\u0161eho kostela od 13 do 15 hodin a poslechnout si vypr\u00e1v\u011bn\u00ed o jeho historii, o restaurov\u00e1n\u00ed vitr\u00e1\u017e\u00ed, soch a o projektu Adopce varhan.<\/div>\n<div dir=\"auto\"><\/div>\n<div dir=\"auto\"><\/div>\n<div dir=\"auto\"><strong><em>24. \u010dervence 2025<\/em><\/strong> &#8211; Slav\u00edme 30. adoptovanou varhann\u00ed p\u00ed\u0161\u0165alu a \u010d\u00e1stku 36.100 K\u010d! Adopce n\u00e1m pomalu ale jist\u011b pokra\u010duje! D\u011bkujeme.<\/div>\n<div dir=\"auto\"><a href=\"https:\/\/varhany.jindrichovice.cz\/wp-content\/uploads\/2025\/07\/24.7-scaled.png\"><img loading=\"lazy\" decoding=\"async\" class=\"wp-image-755 aligncenter\" src=\"https:\/\/varhany.jindrichovice.cz\/wp-content\/uploads\/2025\/07\/24.7-1024x639.png\" alt=\"\" width=\"526\" height=\"328\" \/><\/a><\/div>\n<div dir=\"auto\"><\/div>\n<div dir=\"auto\"><em><span style=\"color: #000000;\"><strong>13. \u010dervna 2025<\/strong> <\/span><\/em>&#8211; P\u0159ijede mistr zvuku! Do Jind\u0159ichovic pod Smrkem zav\u00edt\u00e1 vz\u00e1cn\u00fd host, pan <strong>Mgr. Radek Rej\u0161ek<\/strong> \u2013 odborn\u00edk na zvony a varhany. Posoud\u00ed stav na\u0161ich varhan, zahraje na n\u011b a jeho slova zaznamen\u00e1me pro dokument o jejich oprav\u011b. <strong>V 17:00 bude pan magistr p\u0159en\u00e1\u0161et v kav\u00e1rn\u011b o zvonech<\/strong>. P\u0159ij\u010fte si poslechnout zaj\u00edmav\u00e9 pov\u00edd\u00e1n\u00ed o v\u00fdrob\u011b, historii a posl\u00e1n\u00ed zvon\u016f, prolo\u017een\u00e9 p\u0159\u00edb\u011bhy ze \u017eivota kampanologa, organologa litom\u011b\u0159ick\u00e9 diec\u00e9ze, hudebn\u00edka, skladatele, carillon\u00e9ra pra\u017esk\u00e9 Lorety a \u010dlena mezin\u00e1r. org. Eurocarillon v jedn\u00e9 osob\u011b. <span class=\"html-span xdj266r x14z9mp xat24cr x1lziwak xexx8yu xyri2b x18d9i69 x1c1uobl x1hl2dhg x16tdsg8 x1vvkbs\"><a class=\"x1i10hfl xjbqb8w x1ejq31n x18oe1m7 x1sy0etr xstzfhl x972fbf x10w94by x1qhh985 x14e42zd x9f619 x1ypdohk xt0psk2 xe8uvvx xdj266r x14z9mp xat24cr x1lziwak xexx8yu xyri2b x18d9i69 x1c1uobl x16tdsg8 x1hl2dhg xggy1nq x1a2a7pz xkrqix3 x1sur9pj x1fey0fg x1s688f\" tabindex=\"0\" role=\"link\" href=\"https:\/\/cs.wikipedia.org\/wiki\/Radek_Rej%C5%A1ek?fbclid=IwZXh0bgNhZW0CMTAAYnJpZBEwM0l1bnR5djJHdXVHVkM3MwEeTBPUmLbG9V0_32dJ2dTE_JwnWFdKv0h4dYQAWHNsUFZABj0Sba6A1xHIhyk_aem_58dblZlJs1RNhU8xLoGHyg\" target=\"_blank\" rel=\"nofollow noopener noreferrer\">Mgr. Radek Rej\u0161ek <\/a><\/span>Na p\u0159edn\u00e1\u0161ce se dozv\u00edme nap\u0159\u00edklad: Co skr\u00fdv\u00e1 lad\u011bn\u00ed zvon\u016f? D\u00e1 se zvon\u016fm m\u011b\u0159it st\u00e1\u0159\u00ed? Jak se zvon rod\u00ed z bronzu? Pro\u010d se jich tolik ztratilo? Maj\u00ed n\u00e1m dnes st\u00e1le co \u0159\u00edci? Pro\u010d zvony zn\u00ed tak majest\u00e1tn\u011b? Ob\u010derstven\u00ed zaji\u0161t\u011bno, vstupn\u00e9 dobrovoln\u00e9. Akci po\u0159\u00e1d\u00e1 <span class=\"html-span xdj266r x14z9mp xat24cr x1lziwak xexx8yu xyri2b x18d9i69 x1c1uobl x1hl2dhg x16tdsg8 x1vvkbs\"><a class=\"x1i10hfl xjbqb8w x1ejq31n x18oe1m7 x1sy0etr xstzfhl x972fbf x10w94by x1qhh985 x14e42zd x9f619 x1ypdohk xt0psk2 xe8uvvx xdj266r x14z9mp xat24cr x1lziwak xexx8yu xyri2b x18d9i69 x1c1uobl x16tdsg8 x1hl2dhg xggy1nq x1a2a7pz xkrqix3 x1sur9pj x1fey0fg x1s688f\" tabindex=\"0\" role=\"link\" href=\"https:\/\/www.facebook.com\/profile.php?id=100062976022532&amp;__cft__[0]=AZXMeaCDl0P5vFzJteDksDdPSKoRyjeo7n2fQeXrd4mrod1htg1CDiA3JWGnbyE3JEHcFRna-Yauo5-CxVW_CuplkvZtu8yfzM-k-1MHV6CGbOIY7kiq1iF1b4SRLrUlIHc&amp;__tn__=-]K-R\"><span class=\"xt0psk2\"><span class=\"xjp7ctv\">Spolek pro zveleben\u00ed jind\u0159ichovick\u00e9ho kostela Campana, z.s.<\/span><\/span><\/a><\/span> a <span class=\"html-span xdj266r x14z9mp xat24cr x1lziwak xexx8yu xyri2b x18d9i69 x1c1uobl x1hl2dhg x16tdsg8 x1vvkbs\"><a class=\"x1i10hfl xjbqb8w x1ejq31n x18oe1m7 x1sy0etr xstzfhl x972fbf x10w94by x1qhh985 x14e42zd x9f619 x1ypdohk xt0psk2 xe8uvvx xdj266r x14z9mp xat24cr x1lziwak xexx8yu xyri2b x18d9i69 x1c1uobl x16tdsg8 x1hl2dhg xggy1nq x1a2a7pz xkrqix3 x1sur9pj x1fey0fg x1s688f\" tabindex=\"0\" role=\"link\" href=\"https:\/\/www.facebook.com\/Obecjindrichovicepodsmrkem?__cft__[0]=AZXMeaCDl0P5vFzJteDksDdPSKoRyjeo7n2fQeXrd4mrod1htg1CDiA3JWGnbyE3JEHcFRna-Yauo5-CxVW_CuplkvZtu8yfzM-k-1MHV6CGbOIY7kiq1iF1b4SRLrUlIHc&amp;__tn__=-]K-R\"><span class=\"xt0psk2\"><span class=\"xjp7ctv\">Obec Jind\u0159ichovice pod Smrkem <\/span><\/span><\/a><\/span>V\u0161ichni jste srde\u010dn\u011b zv\u00e1ni!<\/div>\n<div dir=\"auto\">\n<div class=\"x14z9mp xat24cr x1lziwak x1vvkbs xtlvy1s x126k92a\">\n<div dir=\"auto\"><a href=\"https:\/\/varhany.jindrichovice.cz\/wp-content\/uploads\/2025\/06\/13.-6.-Zvony.png\"><img loading=\"lazy\" decoding=\"async\" class=\"wp-image-614 aligncenter\" src=\"https:\/\/varhany.jindrichovice.cz\/wp-content\/uploads\/2025\/06\/13.-6.-Zvony-724x1024.png\" alt=\"\" width=\"505\" height=\"714\" \/><\/a><\/div>\n<\/div>\n<\/div>\n<div dir=\"auto\"><\/div>\n<div dir=\"auto\"><em><strong>7. \u010dervna 2025<\/strong><\/em> &#8211; Slav\u00edme 6. adoptovanou varhann\u00ed p\u00ed\u0161\u0165alu. Adopce se n\u00e1m pomalu ale jist\u011b rozj\u00ed\u017ed\u00ed! D\u011bkujeme.<\/div>\n<div dir=\"auto\"><a href=\"https:\/\/varhany.jindrichovice.cz\/wp-content\/uploads\/2025\/01\/Obrazek1-2.png\"><img loading=\"lazy\" decoding=\"async\" class=\"wp-image-598 aligncenter\" src=\"https:\/\/varhany.jindrichovice.cz\/wp-content\/uploads\/2025\/01\/Obrazek1-2-1024x470.png\" alt=\"\" width=\"508\" height=\"233\" \/><\/a><\/div>\n<div dir=\"auto\"><\/div>\n<div dir=\"auto\"><em><strong>5. \u010dervna 2025<\/strong><\/em> &#8211; Zve\u0159ejn\u011bn \u010dl\u00e1nek na webu Freedlantsko.eu\u00a0 <a href=\"https:\/\/www.frydlantsko.eu\/2025\/06\/05\/adoptuj-pistalu-zachran-varhany-jindrichovice\/?fbclid=IwY2xjawKyVSpleHRuA2FlbQIxMQBicmlkETAzSXVudHl2Mkd1dUdWQzczAR7rXcqocLOgiWfNEzXcJVYcNyLCexJul7E8_onavyzrvkQFNZlTINddiIotDw_aem_lI7UpGv62r5Vs1CPd00UGQ\" target=\"_blank\" rel=\"noopener\">Adoptuj p\u00ed\u0161\u0165alu, zachra\u0148 varhany \u2013 jedine\u010dn\u00fd projekt v Jind\u0159ichovic\u00edch<\/a><\/div>\n<div class=\"x11i5rnm xat24cr x1mh8g0r x1vvkbs xtlvy1s x126k92a\">\n<div dir=\"auto\"><\/div>\n<div dir=\"auto\"><strong><em>23. kv\u011btna 2025<\/em> &#8211; <\/strong>Srde\u010dn\u011b V\u00e1s zveme od 18:00 do 22:00 do kostela Nejsv\u011bt\u011bj\u0161\u00ed Trojice na <strong>6. ro\u010dn\u00edk Noci kostel\u016f<\/strong>.<\/div>\n<div dir=\"auto\">Ve\u010der nabit\u00fd zp\u011bvem, hudbou, mluven\u00fdm slovem a v\u00fdstavou v\u00fdtvarn\u00fdch prac\u00ed d\u011bt\u00ed ze \u0161koly a \u0161kolky \u201eD\u011bti tvo\u0159\u00ed sv\u011bty mo\u0159\u00ed&#8220;.<\/div>\n<div dir=\"auto\">Vstupn\u00e9 dobrovoln\u00e9. Koncert po\u0159\u00e1d\u00e1 Spolek pro zveleben\u00ed jind\u0159ichovick\u00e9ho kostela Campana, z.s. ve spolupr\u00e1ci s obc\u00ed Jind\u0159ichovice pod Smrkem. <a href=\"https:\/\/nockostelu.cz\/kostel\/7315\/\">web Noc kostel\u016f &#8211; Jind\u0159ichovice p. S.<\/a><\/div>\n<\/div>\n<p><a href=\"https:\/\/varhany.jindrichovice.cz\/wp-content\/uploads\/2025\/05\/Noc-kostelu-2025.png\"><img loading=\"lazy\" decoding=\"async\" class=\"wp-image-409 aligncenter\" src=\"https:\/\/varhany.jindrichovice.cz\/wp-content\/uploads\/2025\/05\/Noc-kostelu-2025-724x1024.png\" alt=\"\" width=\"499\" height=\"706\" \/><\/a><\/p>\n","protected":false},"excerpt":{"rendered":"<p>Tady v\u00e1m nic neunikne Zde se dozv\u00edte, co se v nejbli\u017e\u0161\u00ed dob\u011b v kostele Nejsv\u011bt\u011bj\u0161\u00ed Trojice chyst\u00e1, co se aktu\u00e1ln\u011b d\u011bje s varhanami, v jak\u00e9 f\u00e1zi je restaurov\u00e1n\u00ed, jak se da\u0159\u00ed adopce varhann\u00edch p\u00ed\u0161\u0165al&#8230; 2. kv\u011btna 2026 &#8211; jedine\u010dn\u00e1 mo\u017enost nav\u0161t\u00edvit, prohl\u00e9dnout si a pozdravit na\u0161e jind\u0159ichovick\u00e9 varhany b\u011bhem koncertu T\u00f3ny pro Jitku v pod\u00e1n\u00ed [&hellip;]<\/p>\n","protected":false},"author":2,"featured_media":0,"parent":0,"menu_order":0,"comment_status":"closed","ping_status":"closed","template":"","meta":{"footnotes":""},"class_list":["post-125","page","type-page","status-publish","hentry"],"yoast_head":"<!-- This site is optimized with the Yoast SEO plugin v27.5 - https:\/\/yoast.com\/product\/yoast-seo-wordpress\/ -->\n<title>Aktuality - Varhany pro Jind\u0159ichovice<\/title>\n<meta name=\"robots\" content=\"index, follow, max-snippet:-1, max-image-preview:large, max-video-preview:-1\" \/>\n<link rel=\"canonical\" href=\"https:\/\/varhany.jindrichovice.cz\/?page_id=125\" \/>\n<meta property=\"og:locale\" content=\"cs_CZ\" \/>\n<meta property=\"og:type\" content=\"article\" \/>\n<meta property=\"og:title\" content=\"Aktuality - Varhany pro Jind\u0159ichovice\" \/>\n<meta property=\"og:description\" content=\"Tady v\u00e1m nic neunikne Zde se dozv\u00edte, co se v nejbli\u017e\u0161\u00ed dob\u011b v kostele Nejsv\u011bt\u011bj\u0161\u00ed Trojice chyst\u00e1, co se aktu\u00e1ln\u011b d\u011bje s varhanami, v jak\u00e9 f\u00e1zi je restaurov\u00e1n\u00ed, jak se da\u0159\u00ed adopce varhann\u00edch p\u00ed\u0161\u0165al&#8230; 2. kv\u011btna 2026 &#8211; jedine\u010dn\u00e1 mo\u017enost nav\u0161t\u00edvit, prohl\u00e9dnout si a pozdravit na\u0161e jind\u0159ichovick\u00e9 varhany b\u011bhem koncertu T\u00f3ny pro Jitku v pod\u00e1n\u00ed [&hellip;]\" \/>\n<meta property=\"og:url\" content=\"https:\/\/varhany.jindrichovice.cz\/?page_id=125\" \/>\n<meta property=\"og:site_name\" content=\"Varhany pro Jind\u0159ichovice\" \/>\n<meta property=\"article:publisher\" content=\"https:\/\/www.facebook.com\/profile.php?id=61576751080235\" \/>\n<meta property=\"article:modified_time\" content=\"2026-04-17T05:30:46+00:00\" \/>\n<meta property=\"og:image\" content=\"https:\/\/varhany.jindrichovice.cz\/wp-content\/uploads\/2026\/01\/diky-1-1024x724.png\" \/>\n\t<meta property=\"og:image:width\" content=\"1024\" \/>\n\t<meta property=\"og:image:height\" content=\"724\" \/>\n\t<meta property=\"og:image:type\" content=\"image\/png\" \/>\n<meta name=\"twitter:card\" content=\"summary_large_image\" \/>\n<meta name=\"twitter:label1\" content=\"Odhadovan\u00e1 doba \u010dten\u00ed\" \/>\n\t<meta name=\"twitter:data1\" content=\"7 minut\" \/>\n<script type=\"application\/ld+json\" class=\"yoast-schema-graph\">{\"@context\":\"https:\\\/\\\/schema.org\",\"@graph\":[{\"@type\":\"WebPage\",\"@id\":\"https:\\\/\\\/varhany.jindrichovice.cz\\\/?page_id=125\",\"url\":\"https:\\\/\\\/varhany.jindrichovice.cz\\\/?page_id=125\",\"name\":\"Aktuality - Varhany pro Jind\u0159ichovice\",\"isPartOf\":{\"@id\":\"https:\\\/\\\/varhany.jindrichovice.cz\\\/#website\"},\"primaryImageOfPage\":{\"@id\":\"https:\\\/\\\/varhany.jindrichovice.cz\\\/?page_id=125#primaryimage\"},\"image\":{\"@id\":\"https:\\\/\\\/varhany.jindrichovice.cz\\\/?page_id=125#primaryimage\"},\"thumbnailUrl\":\"https:\\\/\\\/varhany.jindrichovice.cz\\\/wp-content\\\/uploads\\\/2026\\\/01\\\/diky-1-1024x724.png\",\"datePublished\":\"2025-01-31T21:59:27+00:00\",\"dateModified\":\"2026-04-17T05:30:46+00:00\",\"breadcrumb\":{\"@id\":\"https:\\\/\\\/varhany.jindrichovice.cz\\\/?page_id=125#breadcrumb\"},\"inLanguage\":\"cs\",\"potentialAction\":[{\"@type\":\"ReadAction\",\"target\":[\"https:\\\/\\\/varhany.jindrichovice.cz\\\/?page_id=125\"]}]},{\"@type\":\"ImageObject\",\"inLanguage\":\"cs\",\"@id\":\"https:\\\/\\\/varhany.jindrichovice.cz\\\/?page_id=125#primaryimage\",\"url\":\"https:\\\/\\\/varhany.jindrichovice.cz\\\/wp-content\\\/uploads\\\/2026\\\/01\\\/diky-1.png\",\"contentUrl\":\"https:\\\/\\\/varhany.jindrichovice.cz\\\/wp-content\\\/uploads\\\/2026\\\/01\\\/diky-1.png\",\"width\":2000,\"height\":1414},{\"@type\":\"BreadcrumbList\",\"@id\":\"https:\\\/\\\/varhany.jindrichovice.cz\\\/?page_id=125#breadcrumb\",\"itemListElement\":[{\"@type\":\"ListItem\",\"position\":1,\"name\":\"Dom\u016f\",\"item\":\"https:\\\/\\\/varhany.jindrichovice.cz\\\/\"},{\"@type\":\"ListItem\",\"position\":2,\"name\":\"Aktuality\"}]},{\"@type\":\"WebSite\",\"@id\":\"https:\\\/\\\/varhany.jindrichovice.cz\\\/#website\",\"url\":\"https:\\\/\\\/varhany.jindrichovice.cz\\\/\",\"name\":\"Varhany pro Jind\u0159ichovice\",\"description\":\"adopce varhan\",\"publisher\":{\"@id\":\"https:\\\/\\\/varhany.jindrichovice.cz\\\/#organization\"},\"alternateName\":\"adopce varhan\",\"potentialAction\":[{\"@type\":\"SearchAction\",\"target\":{\"@type\":\"EntryPoint\",\"urlTemplate\":\"https:\\\/\\\/varhany.jindrichovice.cz\\\/?s={search_term_string}\"},\"query-input\":{\"@type\":\"PropertyValueSpecification\",\"valueRequired\":true,\"valueName\":\"search_term_string\"}}],\"inLanguage\":\"cs\"},{\"@type\":\"Organization\",\"@id\":\"https:\\\/\\\/varhany.jindrichovice.cz\\\/#organization\",\"name\":\"Varhany pro Jind\u0159ichovice\",\"url\":\"https:\\\/\\\/varhany.jindrichovice.cz\\\/\",\"logo\":{\"@type\":\"ImageObject\",\"inLanguage\":\"cs\",\"@id\":\"https:\\\/\\\/varhany.jindrichovice.cz\\\/#\\\/schema\\\/logo\\\/image\\\/\",\"url\":\"https:\\\/\\\/varhany.jindrichovice.cz\\\/wp-content\\\/uploads\\\/2025\\\/05\\\/cropped-logo-adopceram.png\",\"contentUrl\":\"https:\\\/\\\/varhany.jindrichovice.cz\\\/wp-content\\\/uploads\\\/2025\\\/05\\\/cropped-logo-adopceram.png\",\"width\":512,\"height\":512,\"caption\":\"Varhany pro Jind\u0159ichovice\"},\"image\":{\"@id\":\"https:\\\/\\\/varhany.jindrichovice.cz\\\/#\\\/schema\\\/logo\\\/image\\\/\"},\"sameAs\":[\"https:\\\/\\\/www.facebook.com\\\/profile.php?id=61576751080235\"]}]}<\/script>\n<!-- \/ Yoast SEO plugin. -->","yoast_head_json":{"title":"Aktuality - Varhany pro Jind\u0159ichovice","robots":{"index":"index","follow":"follow","max-snippet":"max-snippet:-1","max-image-preview":"max-image-preview:large","max-video-preview":"max-video-preview:-1"},"canonical":"https:\/\/varhany.jindrichovice.cz\/?page_id=125","og_locale":"cs_CZ","og_type":"article","og_title":"Aktuality - Varhany pro Jind\u0159ichovice","og_description":"Tady v\u00e1m nic neunikne Zde se dozv\u00edte, co se v nejbli\u017e\u0161\u00ed dob\u011b v kostele Nejsv\u011bt\u011bj\u0161\u00ed Trojice chyst\u00e1, co se aktu\u00e1ln\u011b d\u011bje s varhanami, v jak\u00e9 f\u00e1zi je restaurov\u00e1n\u00ed, jak se da\u0159\u00ed adopce varhann\u00edch p\u00ed\u0161\u0165al&#8230; 2. kv\u011btna 2026 &#8211; jedine\u010dn\u00e1 mo\u017enost nav\u0161t\u00edvit, prohl\u00e9dnout si a pozdravit na\u0161e jind\u0159ichovick\u00e9 varhany b\u011bhem koncertu T\u00f3ny pro Jitku v pod\u00e1n\u00ed [&hellip;]","og_url":"https:\/\/varhany.jindrichovice.cz\/?page_id=125","og_site_name":"Varhany pro Jind\u0159ichovice","article_publisher":"https:\/\/www.facebook.com\/profile.php?id=61576751080235","article_modified_time":"2026-04-17T05:30:46+00:00","og_image":[{"width":1024,"height":724,"url":"https:\/\/varhany.jindrichovice.cz\/wp-content\/uploads\/2026\/01\/diky-1-1024x724.png","type":"image\/png"}],"twitter_card":"summary_large_image","twitter_misc":{"Odhadovan\u00e1 doba \u010dten\u00ed":"7 minut"},"schema":{"@context":"https:\/\/schema.org","@graph":[{"@type":"WebPage","@id":"https:\/\/varhany.jindrichovice.cz\/?page_id=125","url":"https:\/\/varhany.jindrichovice.cz\/?page_id=125","name":"Aktuality - Varhany pro Jind\u0159ichovice","isPartOf":{"@id":"https:\/\/varhany.jindrichovice.cz\/#website"},"primaryImageOfPage":{"@id":"https:\/\/varhany.jindrichovice.cz\/?page_id=125#primaryimage"},"image":{"@id":"https:\/\/varhany.jindrichovice.cz\/?page_id=125#primaryimage"},"thumbnailUrl":"https:\/\/varhany.jindrichovice.cz\/wp-content\/uploads\/2026\/01\/diky-1-1024x724.png","datePublished":"2025-01-31T21:59:27+00:00","dateModified":"2026-04-17T05:30:46+00:00","breadcrumb":{"@id":"https:\/\/varhany.jindrichovice.cz\/?page_id=125#breadcrumb"},"inLanguage":"cs","potentialAction":[{"@type":"ReadAction","target":["https:\/\/varhany.jindrichovice.cz\/?page_id=125"]}]},{"@type":"ImageObject","inLanguage":"cs","@id":"https:\/\/varhany.jindrichovice.cz\/?page_id=125#primaryimage","url":"https:\/\/varhany.jindrichovice.cz\/wp-content\/uploads\/2026\/01\/diky-1.png","contentUrl":"https:\/\/varhany.jindrichovice.cz\/wp-content\/uploads\/2026\/01\/diky-1.png","width":2000,"height":1414},{"@type":"BreadcrumbList","@id":"https:\/\/varhany.jindrichovice.cz\/?page_id=125#breadcrumb","itemListElement":[{"@type":"ListItem","position":1,"name":"Dom\u016f","item":"https:\/\/varhany.jindrichovice.cz\/"},{"@type":"ListItem","position":2,"name":"Aktuality"}]},{"@type":"WebSite","@id":"https:\/\/varhany.jindrichovice.cz\/#website","url":"https:\/\/varhany.jindrichovice.cz\/","name":"Varhany pro Jind\u0159ichovice","description":"adopce varhan","publisher":{"@id":"https:\/\/varhany.jindrichovice.cz\/#organization"},"alternateName":"adopce varhan","potentialAction":[{"@type":"SearchAction","target":{"@type":"EntryPoint","urlTemplate":"https:\/\/varhany.jindrichovice.cz\/?s={search_term_string}"},"query-input":{"@type":"PropertyValueSpecification","valueRequired":true,"valueName":"search_term_string"}}],"inLanguage":"cs"},{"@type":"Organization","@id":"https:\/\/varhany.jindrichovice.cz\/#organization","name":"Varhany pro Jind\u0159ichovice","url":"https:\/\/varhany.jindrichovice.cz\/","logo":{"@type":"ImageObject","inLanguage":"cs","@id":"https:\/\/varhany.jindrichovice.cz\/#\/schema\/logo\/image\/","url":"https:\/\/varhany.jindrichovice.cz\/wp-content\/uploads\/2025\/05\/cropped-logo-adopceram.png","contentUrl":"https:\/\/varhany.jindrichovice.cz\/wp-content\/uploads\/2025\/05\/cropped-logo-adopceram.png","width":512,"height":512,"caption":"Varhany pro Jind\u0159ichovice"},"image":{"@id":"https:\/\/varhany.jindrichovice.cz\/#\/schema\/logo\/image\/"},"sameAs":["https:\/\/www.facebook.com\/profile.php?id=61576751080235"]}]}},"_links":{"self":[{"href":"https:\/\/varhany.jindrichovice.cz\/index.php?rest_route=\/wp\/v2\/pages\/125","targetHints":{"allow":["GET"]}}],"collection":[{"href":"https:\/\/varhany.jindrichovice.cz\/index.php?rest_route=\/wp\/v2\/pages"}],"about":[{"href":"https:\/\/varhany.jindrichovice.cz\/index.php?rest_route=\/wp\/v2\/types\/page"}],"author":[{"embeddable":true,"href":"https:\/\/varhany.jindrichovice.cz\/index.php?rest_route=\/wp\/v2\/users\/2"}],"replies":[{"embeddable":true,"href":"https:\/\/varhany.jindrichovice.cz\/index.php?rest_route=%2Fwp%2Fv2%2Fcomments&post=125"}],"version-history":[{"count":57,"href":"https:\/\/varhany.jindrichovice.cz\/index.php?rest_route=\/wp\/v2\/pages\/125\/revisions"}],"predecessor-version":[{"id":1130,"href":"https:\/\/varhany.jindrichovice.cz\/index.php?rest_route=\/wp\/v2\/pages\/125\/revisions\/1130"}],"wp:attachment":[{"href":"https:\/\/varhany.jindrichovice.cz\/index.php?rest_route=%2Fwp%2Fv2%2Fmedia&parent=125"}],"curies":[{"name":"wp","href":"https:\/\/api.w.org\/{rel}","templated":true}]}}